{"id":20,"date":"2024-01-08T11:04:00","date_gmt":"2024-01-08T10:04:00","guid":{"rendered":"http:\/\/athleben.org\/athleben\/about\/"},"modified":"2024-03-13T18:41:52","modified_gmt":"2024-03-13T17:41:52","slug":"about","status":"publish","type":"page","link":"https:\/\/athleben.org\/athleben\/about\/","title":{"rendered":"A propos"},"content":{"rendered":"\n<h2 class=\"wp-block-heading\">Nous travaillons pour le d\u00e9veloppement de l&rsquo;athl\u00e9tisme<\/h2>\n\n\n\n<div class=\"wp-block-media-text is-stacked-on-mobile\"><figure class=\"wp-block-media-text__media\"><img width=\"283\" height=\"369\"  alt=\"\" class=\"wp-image-2629 size-full lws-optimize-lazyload\"\/ data-src=\"https:\/\/athleben.org\/athleben\/wp-content\/uploads\/2024\/03\/Vierin-1.jpg\" srcset=\"https:\/\/athleben.org\/athleben\/wp-content\/uploads\/2024\/03\/Vierin-1.jpg 283w, https:\/\/athleben.org\/athleben\/wp-content\/uploads\/2024\/03\/Vierin-1-230x300.jpg 230w\" sizes=\"(max-width: 283px) 100vw, 283px\" \/><\/figure><div class=\"wp-block-media-text__content\">\n<p><\/p>\n\n\n\n<p><h3>Apr\u00e8s l\u2019Ind\u00e9pendance, la F\u00e9d\u00e9ration d\u2019Athl\u00e9tisme a \u00e9t\u00e9 cr\u00e9\u00e9e et se d\u00e9nommait F\u00e9d\u00e9ration Dahom\u00e9enne d\u2019Athl\u00e9tisme et a pris le relais en mati\u00e8re d\u2019animation de la discipline sur le plan national.<\/h3><\/p>\n\n\n\n<p><h3>La F\u00e9d\u00e9ration Dahom\u00e9enne d\u2019Athl\u00e9tisme a donc \u00e9t\u00e9 cr\u00e9\u00e9e en 1960 et faisait partie des trois (03) F\u00e9d\u00e9ration sportives \u00e0 l\u2019\u00e9poque avec la F\u00e9d\u00e9ration de Football et la F\u00e9d\u00e9ration de Boxe. Elle regroupait mis \u00e0 part les disciplines pratiqu\u00e9es par ses deux f\u00e9d\u00e9rations s\u0153urs, tous les autres sports.<\/h3><\/p>\n<\/div><\/div>\n\n\n<div class=\"col-md-6 col-sm-6 col-xs-12\">\n<div class=\"about-img-area wow fadeInDown animated animated animated animated animated\" style=\"visibility: visible; animation-delay: 0.4s; animation-name: fadeInDown;\" data-wow-delay=\"0.4s\"><span style=\"font-size: revert; color: initial;\">Six (06) pr\u00e9sidents se sont succ\u00e9d\u00e9s \u00e0 la t\u00e8te de la F\u00e9d\u00e9ration B\u00e9ninoise d\u2019Athl\u00e9tisme depuis 1960.<\/span><\/div>\n<\/div>\n<div class=\"col-md-6 col-sm-6 col-xs-12 wow fadeInDown animated animated animated animated animated\" style=\"visibility: visible; animation-delay: 0.4s; animation-name: fadeInDown;\" data-wow-delay=\"0.4s\">\n<ul>\n<li>Monsieur Justin DURAND de 1960-1972<\/li>\n<li>Monsieur Emmanuel BANKOUE de 1972-1978<\/li>\n<li>Monsieur Jules JOHNSON de 1978-1988<\/li>\n<li>Monsieur Andr\u00e9 YORO de 1988-2001<\/li>\n<li>Monsieur Th\u00e9ophile MONTCHO Janvier 2001-26 Decembre2016<\/li>\n<li>Monsieur Vi\u00e9rin DEGON du 28 D\u00e9cembre 2016 \u00e0 nos jours.<\/li>\n<\/ul>\n<p>Jusqu\u2019\u00e0 un pass\u00e9 r\u00e9cent, dissous jusqu\u2019en 1990, il n\u2019y avait pas d\u2019associations sportives structur\u00e9es tel que le terme est d\u00e9fini et connu aujourd\u2019hui \u00e0 travers la charte du sports du B\u00e9nin.<\/p>\n<p>Mais quelques amateurs de l\u2019Athl\u00e9tisme se regroupaient et animaient la vie de l\u2019Athl\u00e9tisme B\u00e9ninois \u00e0 travers entre autres\u00a0:<\/p>\n<ul>\n<li>L\u2019Union Sportive Renault<\/li>\n<li>L\u2019Union Dahom\u00e9enne d\u2019Athl\u00e9tisme<\/li>\n<li>Club Athl\u00e9tic (UDA) de Cotonou (CAC) aux cot\u00e9s des corps et structures constitu\u00e9s tels que.<\/li>\n<li>L\u2019Arm\u00e9e (les forces Arm\u00e9es Dahom\u00e9ennes FAD)<\/li>\n<li>La Gendarmerie (Union Sportive de la Gendarmerie)<\/li>\n<li>Les Employ\u00e9s de la poste (Poste- Sports)<\/li>\n<li>Les Coll\u00e8ges notre Dames de Londres de Porto-Novo (CNDL)<\/li>\n<li>Les Coll\u00e8ges AUPIAIS de Cotonou<\/li>\n<li>Le Coll\u00e8ges du B\u00e9nin de Cotonou<\/li>\n<li>Le Cours Secondaires Protestant de Cotonou (CSP)<\/li>\n<li>Le Lyc\u00e9e Technique Coulibaly de Cotonou (LTC)<\/li>\n<li>Le Lyc\u00e9e B\u00e9hanzin de Porto-Novo<\/li>\n<li>L\u2019Universit\u00e9 Nationale du B\u00e9nin<\/li>\n<li>SAK-SPORT (Les usages du stade de l\u2019Amiti\u00e9 de Kouhounnou apr\u00e8s sa cr\u00e9ation en 1982) pour ne citer que ceux-l\u00e0.<\/li>\n<\/ul>\n<\/div>","protected":false},"excerpt":{"rendered":"<p>Nous travaillons pour le d\u00e9veloppement de l&rsquo;athl\u00e9tisme Apr\u00e8s l\u2019Ind\u00e9pendance, la F\u00e9d\u00e9ration d\u2019Athl\u00e9tisme a \u00e9t\u00e9 cr\u00e9\u00e9e et se d\u00e9nommait F\u00e9d\u00e9ration Dahom\u00e9enne d\u2019Athl\u00e9tisme et a pris le [&hellip;]<\/p>\n","protected":false},"author":1,"featured_media":0,"parent":0,"menu_order":0,"comment_status":"closed","ping_status":"closed","template":"","meta":{"footnotes":""},"class_list":["post-20","page","type-page","status-publish","hentry"],"yoast_head":"<!-- This site is optimized with the Yoast SEO plugin v27.1.1 - https:\/\/yoast.com\/product\/yoast-seo-wordpress\/ -->\n<title>A propos - F\u00e9d\u00e9ration B\u00e9ninoise d&#039;Athl\u00e9tisme<\/title>\n<meta name=\"robots\" content=\"index, follow, max-snippet:-1, max-image-preview:large, max-video-preview:-1\" \/>\n<link rel=\"canonical\" href=\"https:\/\/athleben.org\/athleben\/about\/\" \/>\n<meta property=\"og:locale\" content=\"fr_FR\" \/>\n<meta property=\"og:type\" content=\"article\" \/>\n<meta property=\"og:title\" content=\"A propos - F\u00e9d\u00e9ration B\u00e9ninoise d&#039;Athl\u00e9tisme\" \/>\n<meta property=\"og:description\" content=\"Nous travaillons pour le d\u00e9veloppement de l&rsquo;athl\u00e9tisme Apr\u00e8s l\u2019Ind\u00e9pendance, la F\u00e9d\u00e9ration d\u2019Athl\u00e9tisme a \u00e9t\u00e9 cr\u00e9\u00e9e et se d\u00e9nommait F\u00e9d\u00e9ration Dahom\u00e9enne d\u2019Athl\u00e9tisme et a pris le [&hellip;]\" \/>\n<meta property=\"og:url\" content=\"https:\/\/athleben.org\/athleben\/about\/\" \/>\n<meta property=\"og:site_name\" content=\"F\u00e9d\u00e9ration B\u00e9ninoise d&#039;Athl\u00e9tisme\" \/>\n<meta property=\"article:publisher\" content=\"https:\/\/web.facebook.com\/FederationBeninoiseAthletisme\" \/>\n<meta property=\"article:modified_time\" content=\"2024-03-13T17:41:52+00:00\" \/>\n<meta property=\"og:image\" content=\"http:\/\/athleben.org\/athleben\/wp-content\/uploads\/2024\/03\/Vierin-1.jpg\" \/>\n<meta name=\"twitter:card\" content=\"summary_large_image\" \/>\n<meta name=\"twitter:site\" content=\"@BeninoiseD\" \/>\n<meta name=\"twitter:label1\" content=\"Dur\u00e9e de lecture estim\u00e9e\" \/>\n\t<meta name=\"twitter:data1\" content=\"2 minutes\" \/>\n<script type=\"application\/ld+json\" class=\"yoast-schema-graph\">{\"@context\":\"https:\/\/schema.org\",\"@graph\":[{\"@type\":\"WebPage\",\"@id\":\"https:\/\/athleben.org\/athleben\/about\/\",\"url\":\"https:\/\/athleben.org\/athleben\/about\/\",\"name\":\"A propos - F\u00e9d\u00e9ration B\u00e9ninoise d&#039;Athl\u00e9tisme\",\"isPartOf\":{\"@id\":\"https:\/\/athleben.org\/athleben\/#website\"},\"primaryImageOfPage\":{\"@id\":\"https:\/\/athleben.org\/athleben\/about\/#primaryimage\"},\"image\":{\"@id\":\"https:\/\/athleben.org\/athleben\/about\/#primaryimage\"},\"thumbnailUrl\":\"http:\/\/athleben.org\/athleben\/wp-content\/uploads\/2024\/03\/Vierin-1.jpg\",\"datePublished\":\"2024-01-08T10:04:00+00:00\",\"dateModified\":\"2024-03-13T17:41:52+00:00\",\"breadcrumb\":{\"@id\":\"https:\/\/athleben.org\/athleben\/about\/#breadcrumb\"},\"inLanguage\":\"fr-FR\",\"potentialAction\":[{\"@type\":\"ReadAction\",\"target\":[\"https:\/\/athleben.org\/athleben\/about\/\"]}]},{\"@type\":\"ImageObject\",\"inLanguage\":\"fr-FR\",\"@id\":\"https:\/\/athleben.org\/athleben\/about\/#primaryimage\",\"url\":\"http:\/\/athleben.org\/athleben\/wp-content\/uploads\/2024\/03\/Vierin-1.jpg\",\"contentUrl\":\"http:\/\/athleben.org\/athleben\/wp-content\/uploads\/2024\/03\/Vierin-1.jpg\"},{\"@type\":\"BreadcrumbList\",\"@id\":\"https:\/\/athleben.org\/athleben\/about\/#breadcrumb\",\"itemListElement\":[{\"@type\":\"ListItem\",\"position\":1,\"name\":\"Accueil\",\"item\":\"https:\/\/athleben.org\/athleben\/\"},{\"@type\":\"ListItem\",\"position\":2,\"name\":\"A propos\"}]},{\"@type\":\"WebSite\",\"@id\":\"https:\/\/athleben.org\/athleben\/#website\",\"url\":\"https:\/\/athleben.org\/athleben\/\",\"name\":\"F\u00e9d\u00e9ration B\u00e9ninoise d'Athl\u00e9tisme\",\"description\":\"Athl\u00e9tisme, ma fiert\u00e9, je m&#039;engage.\",\"publisher\":{\"@id\":\"https:\/\/athleben.org\/athleben\/#organization\"},\"potentialAction\":[{\"@type\":\"SearchAction\",\"target\":{\"@type\":\"EntryPoint\",\"urlTemplate\":\"https:\/\/athleben.org\/athleben\/?s={search_term_string}\"},\"query-input\":{\"@type\":\"PropertyValueSpecification\",\"valueRequired\":true,\"valueName\":\"search_term_string\"}}],\"inLanguage\":\"fr-FR\"},{\"@type\":\"Organization\",\"@id\":\"https:\/\/athleben.org\/athleben\/#organization\",\"name\":\"F\u00e9d\u00e9ration B\u00e9ninoise d'Athl\u00e9tisme\",\"url\":\"https:\/\/athleben.org\/athleben\/\",\"logo\":{\"@type\":\"ImageObject\",\"inLanguage\":\"fr-FR\",\"@id\":\"https:\/\/athleben.org\/athleben\/#\/schema\/logo\/image\/\",\"url\":\"https:\/\/athleben.org\/athleben\/wp-content\/uploads\/2024\/01\/logo-fba-new.png\",\"contentUrl\":\"https:\/\/athleben.org\/athleben\/wp-content\/uploads\/2024\/01\/logo-fba-new.png\",\"width\":162,\"height\":169,\"caption\":\"F\u00e9d\u00e9ration B\u00e9ninoise d'Athl\u00e9tisme\"},\"image\":{\"@id\":\"https:\/\/athleben.org\/athleben\/#\/schema\/logo\/image\/\"},\"sameAs\":[\"https:\/\/web.facebook.com\/FederationBeninoiseAthletisme\",\"https:\/\/x.com\/BeninoiseD\",\"https:\/\/www.instagram.com\/fbathle\"]}]}<\/script>\n<!-- \/ Yoast SEO plugin. -->","yoast_head_json":{"title":"A propos - F\u00e9d\u00e9ration B\u00e9ninoise d&#039;Athl\u00e9tisme","robots":{"index":"index","follow":"follow","max-snippet":"max-snippet:-1","max-image-preview":"max-image-preview:large","max-video-preview":"max-video-preview:-1"},"canonical":"https:\/\/athleben.org\/athleben\/about\/","og_locale":"fr_FR","og_type":"article","og_title":"A propos - F\u00e9d\u00e9ration B\u00e9ninoise d&#039;Athl\u00e9tisme","og_description":"Nous travaillons pour le d\u00e9veloppement de l&rsquo;athl\u00e9tisme Apr\u00e8s l\u2019Ind\u00e9pendance, la F\u00e9d\u00e9ration d\u2019Athl\u00e9tisme a \u00e9t\u00e9 cr\u00e9\u00e9e et se d\u00e9nommait F\u00e9d\u00e9ration Dahom\u00e9enne d\u2019Athl\u00e9tisme et a pris le [&hellip;]","og_url":"https:\/\/athleben.org\/athleben\/about\/","og_site_name":"F\u00e9d\u00e9ration B\u00e9ninoise d&#039;Athl\u00e9tisme","article_publisher":"https:\/\/web.facebook.com\/FederationBeninoiseAthletisme","article_modified_time":"2024-03-13T17:41:52+00:00","og_image":[{"url":"http:\/\/athleben.org\/athleben\/wp-content\/uploads\/2024\/03\/Vierin-1.jpg","type":"","width":"","height":""}],"twitter_card":"summary_large_image","twitter_site":"@BeninoiseD","twitter_misc":{"Dur\u00e9e de lecture estim\u00e9e":"2 minutes"},"schema":{"@context":"https:\/\/schema.org","@graph":[{"@type":"WebPage","@id":"https:\/\/athleben.org\/athleben\/about\/","url":"https:\/\/athleben.org\/athleben\/about\/","name":"A propos - F\u00e9d\u00e9ration B\u00e9ninoise d&#039;Athl\u00e9tisme","isPartOf":{"@id":"https:\/\/athleben.org\/athleben\/#website"},"primaryImageOfPage":{"@id":"https:\/\/athleben.org\/athleben\/about\/#primaryimage"},"image":{"@id":"https:\/\/athleben.org\/athleben\/about\/#primaryimage"},"thumbnailUrl":"http:\/\/athleben.org\/athleben\/wp-content\/uploads\/2024\/03\/Vierin-1.jpg","datePublished":"2024-01-08T10:04:00+00:00","dateModified":"2024-03-13T17:41:52+00:00","breadcrumb":{"@id":"https:\/\/athleben.org\/athleben\/about\/#breadcrumb"},"inLanguage":"fr-FR","potentialAction":[{"@type":"ReadAction","target":["https:\/\/athleben.org\/athleben\/about\/"]}]},{"@type":"ImageObject","inLanguage":"fr-FR","@id":"https:\/\/athleben.org\/athleben\/about\/#primaryimage","url":"http:\/\/athleben.org\/athleben\/wp-content\/uploads\/2024\/03\/Vierin-1.jpg","contentUrl":"http:\/\/athleben.org\/athleben\/wp-content\/uploads\/2024\/03\/Vierin-1.jpg"},{"@type":"BreadcrumbList","@id":"https:\/\/athleben.org\/athleben\/about\/#breadcrumb","itemListElement":[{"@type":"ListItem","position":1,"name":"Accueil","item":"https:\/\/athleben.org\/athleben\/"},{"@type":"ListItem","position":2,"name":"A propos"}]},{"@type":"WebSite","@id":"https:\/\/athleben.org\/athleben\/#website","url":"https:\/\/athleben.org\/athleben\/","name":"F\u00e9d\u00e9ration B\u00e9ninoise d'Athl\u00e9tisme","description":"Athl\u00e9tisme, ma fiert\u00e9, je m&#039;engage.","publisher":{"@id":"https:\/\/athleben.org\/athleben\/#organization"},"potentialAction":[{"@type":"SearchAction","target":{"@type":"EntryPoint","urlTemplate":"https:\/\/athleben.org\/athleben\/?s={search_term_string}"},"query-input":{"@type":"PropertyValueSpecification","valueRequired":true,"valueName":"search_term_string"}}],"inLanguage":"fr-FR"},{"@type":"Organization","@id":"https:\/\/athleben.org\/athleben\/#organization","name":"F\u00e9d\u00e9ration B\u00e9ninoise d'Athl\u00e9tisme","url":"https:\/\/athleben.org\/athleben\/","logo":{"@type":"ImageObject","inLanguage":"fr-FR","@id":"https:\/\/athleben.org\/athleben\/#\/schema\/logo\/image\/","url":"https:\/\/athleben.org\/athleben\/wp-content\/uploads\/2024\/01\/logo-fba-new.png","contentUrl":"https:\/\/athleben.org\/athleben\/wp-content\/uploads\/2024\/01\/logo-fba-new.png","width":162,"height":169,"caption":"F\u00e9d\u00e9ration B\u00e9ninoise d'Athl\u00e9tisme"},"image":{"@id":"https:\/\/athleben.org\/athleben\/#\/schema\/logo\/image\/"},"sameAs":["https:\/\/web.facebook.com\/FederationBeninoiseAthletisme","https:\/\/x.com\/BeninoiseD","https:\/\/www.instagram.com\/fbathle"]}]}},"_links":{"self":[{"href":"https:\/\/athleben.org\/athleben\/wp-json\/wp\/v2\/pages\/20","targetHints":{"allow":["GET"]}}],"collection":[{"href":"https:\/\/athleben.org\/athleben\/wp-json\/wp\/v2\/pages"}],"about":[{"href":"https:\/\/athleben.org\/athleben\/wp-json\/wp\/v2\/types\/page"}],"author":[{"embeddable":true,"href":"https:\/\/athleben.org\/athleben\/wp-json\/wp\/v2\/users\/1"}],"replies":[{"embeddable":true,"href":"https:\/\/athleben.org\/athleben\/wp-json\/wp\/v2\/comments?post=20"}],"version-history":[{"count":10,"href":"https:\/\/athleben.org\/athleben\/wp-json\/wp\/v2\/pages\/20\/revisions"}],"predecessor-version":[{"id":2648,"href":"https:\/\/athleben.org\/athleben\/wp-json\/wp\/v2\/pages\/20\/revisions\/2648"}],"wp:attachment":[{"href":"https:\/\/athleben.org\/athleben\/wp-json\/wp\/v2\/media?parent=20"}],"curies":[{"name":"wp","href":"https:\/\/api.w.org\/{rel}","templated":true}]}}